{"id":6624,"date":"2025-11-21T09:01:06","date_gmt":"2025-11-21T17:01:06","guid":{"rendered":"https:\/\/manoamanofc.org\/aboutus\/?page_id=6624"},"modified":"2025-11-24T08:38:07","modified_gmt":"2025-11-24T16:38:07","slug":"centro-comunitario-del-noreste","status":"publish","type":"page","link":"https:\/\/manoamanofc.org\/aboutus\/centro-comunitario-del-noreste\/","title":{"rendered":"Centro Comunitario del Noreste"},"content":{"rendered":"\n<div class=\"wp-block-group alignfull has-accent-background-color has-background has-global-padding is-layout-constrained wp-container-core-group-is-layout-3 wp-block-group-is-layout-constrained\" style=\"margin-top:0;margin-bottom:0;padding-top:var(--wp--preset--spacing--50);padding-right:var(--wp--preset--spacing--50);padding-bottom:var(--wp--preset--spacing--50);padding-left:var(--wp--preset--spacing--50)\">\n<div class=\"wp-block-columns alignwide is-layout-flex wp-container-core-columns-is-layout-1 wp-block-columns-is-layout-flex\">\n<div class=\"wp-block-column is-vertically-aligned-stretch is-layout-flow wp-block-column-is-layout-flow\" style=\"flex-basis:50%\">\n<div class=\"wp-block-group is-vertical is-content-justification-stretch is-layout-flex wp-container-core-group-is-layout-2 wp-block-group-is-layout-flex\" style=\"min-height:100%\">\n<p class=\"has-heading-font-family has-x-large-font-size\" style=\"line-height:1.2\">Una oportunidad para establecer nuestro futuro: \u00a1la propiedad de la Iglesia Luterana de la Santa Cruz en el barrio de Lansing, en el noreste de Salem, se convertir\u00e1 en el Centro Comunitario de  Mano a Mano en el Noreste de Salem!<\/p>\n\n\n\n<div class=\"wp-block-group has-global-padding is-content-justification-left is-layout-constrained wp-container-core-group-is-layout-1 wp-block-group-is-layout-constrained\">\n<div class=\"wp-block-buttons is-layout-flex wp-block-buttons-is-layout-flex\">\n<div class=\"wp-block-button\"><a class=\"wp-block-button__link wp-element-button\" href=\"https:\/\/manoamanofc.org\/aboutus\/\" target=\"_blank\" rel=\"noreferrer noopener\">About Mano a Mano<\/a><\/div>\n<\/div>\n<\/div>\n<\/div>\n<\/div>\n\n\n\n<div class=\"wp-block-column is-vertically-aligned-center is-layout-flow wp-block-column-is-layout-flow\" style=\"flex-basis:50%\">\n<figure class=\"wp-block-image size-full is-style-rounded is-style-rounded--1beddc962f35b634831dd63103f4211d\"><img loading=\"lazy\" decoding=\"async\" width=\"409\" height=\"348\" src=\"https:\/\/manoamanofc.org\/aboutus\/wp-content\/uploads\/2025\/07\/hlc-2025-07-03-115656.png\" alt=\"Side picture of Holy Cross Lutheran Church showing sign and main entrance\" class=\"wp-image-6514\" style=\"aspect-ratio:0.75;object-fit:contain\" srcset=\"https:\/\/manoamanofc.org\/aboutus\/wp-content\/uploads\/2025\/07\/hlc-2025-07-03-115656.png 409w, https:\/\/manoamanofc.org\/aboutus\/wp-content\/uploads\/2025\/07\/hlc-2025-07-03-115656-300x255.png 300w\" sizes=\"(max-width: 409px) 100vw, 409px\" \/><\/figure>\n<\/div>\n<\/div>\n<\/div>\n\n\n\n<div class=\"wp-block-group alignfull has-base-background-color has-background has-global-padding is-layout-constrained wp-container-core-group-is-layout-4 wp-block-group-is-layout-constrained\" style=\"margin-top:0;margin-bottom:0;padding-top:var(--wp--preset--spacing--50);padding-right:var(--wp--preset--spacing--50);padding-bottom:var(--wp--preset--spacing--50);padding-left:var(--wp--preset--spacing--50)\">\n<div class=\"wp-block-columns alignwide is-layout-flex wp-container-core-columns-is-layout-3 wp-block-columns-is-layout-flex\">\n<div class=\"wp-block-column is-layout-flow wp-container-core-column-is-layout-5 wp-block-column-is-layout-flow\" style=\"flex-basis:60%\">\n<p class=\"has-heading-font-family has-x-large-font-size\" style=\"line-height:1.2\">A la vez que se acerca nuestro aniversario 40, el Centro Comunitario del Noreste de Salem, liderado por Mano a Mano, apoyar\u00e1 el bienestar, la inclusi\u00f3n y una comunidad integral para familias del noreste de Salem.<\/p>\n\n\n\n<div class=\"wp-block-columns is-layout-flex wp-container-core-columns-is-layout-2 wp-block-columns-is-layout-flex\">\n<div class=\"wp-block-column is-layout-flow wp-block-column-is-layout-flow\">\n<p class=\"wp-container-content-1\">La Iglesia Luterana de la Santa Cruz (HCLC) es un edificio de m\u00e1s de 1,858 metros cuadrados que se convertir\u00e1 en un espacio din\u00e1mico y acogedor para los residentes del noreste de Salem, principalmente para Lansing y los barrios aleda\u00f1os. El Centro del Noreste de Salem ser\u00e1 fundamental para el futuro de Mano a Mano y la comunidad a la que servimos; dise\u00f1ado, dirigido e implementado por quienes consideran este barrio su hogar.<\/p>\n<\/div>\n\n\n\n<div class=\"wp-block-column is-layout-flow wp-block-column-is-layout-flow\">\n<p>La congregaci\u00f3n de la Iglesia Luterana de la Santa Cruz conf\u00eda en Mano a Mano para que contin\u00fae trabajando para lograr nuestro prop\u00f3sito com\u00fan de construir comunidad. Juntos, podemos honrar su legado, fortalecer las ra\u00edces de Mano a Mano en el noreste de Salem y celebrar 40 a\u00f1os de nuestro trabajo por un futuro construido por y para la comunidad.<\/p>\n<\/div>\n<\/div>\n<\/div>\n<\/div>\n<\/div>\n\n\n\n<div class=\"wp-block-group alignfull has-accent-5-background-color has-background has-global-padding is-layout-constrained wp-container-core-group-is-layout-5 wp-block-group-is-layout-constrained\" style=\"margin-top:0;margin-bottom:0;padding-top:var(--wp--preset--spacing--50);padding-right:var(--wp--preset--spacing--50);padding-bottom:var(--wp--preset--spacing--50);padding-left:var(--wp--preset--spacing--50)\">\n<div class=\"wp-block-columns alignwide is-layout-flex wp-container-core-columns-is-layout-4 wp-block-columns-is-layout-flex\">\n<div class=\"wp-block-column is-vertically-aligned-center is-layout-flow wp-block-column-is-layout-flow\" style=\"flex-basis:60%\">\n<figure class=\"wp-block-image wp-duotone-unset-1\"><img loading=\"lazy\" decoding=\"async\" width=\"535\" height=\"768\" src=\"https:\/\/manoamanofc.org\/aboutus\/wp-content\/uploads\/2025\/07\/hclc-map-2025-07-03-152823.png\" alt=\"\" class=\"wp-image-6567\" srcset=\"https:\/\/manoamanofc.org\/aboutus\/wp-content\/uploads\/2025\/07\/hclc-map-2025-07-03-152823.png 535w, https:\/\/manoamanofc.org\/aboutus\/wp-content\/uploads\/2025\/07\/hclc-map-2025-07-03-152823-209x300.png 209w\" sizes=\"(max-width: 535px) 100vw, 535px\" \/><\/figure>\n<\/div>\n\n\n\n<div class=\"wp-block-column is-layout-flow wp-block-column-is-layout-flow\" style=\"flex-basis:40%\">\n<h2 class=\"wp-block-heading\">Nuestra visi\u00f3n: Un centro comunitario para el futuro<\/h2>\n\n\n\n<p>Bajo la direcci\u00f3n de la congregaci\u00f3n de la Santa Cruz y en colaboraci\u00f3n con Mano a Mano y otros socios, el centro actualmente ofrece apoyo para la educaci\u00f3n infantil (Casa Infantil), reuniones para j\u00f3venes y familias, actividades f\u00edsicas (zumba y baloncesto), cultos interreligiosos, grupos de apoyo de Doce Pasos y vivienda transitoria. Ya alberga m\u00e1s de una docena de programas comunitarios y religiosos. Nuestra visi\u00f3n es convertir este centro en un espacio m\u00e1s din\u00e1mico y acogedor.<\/p>\n\n\n\n<ul class=\"wp-block-list\">\n<li>Los ni\u00f1os aprenden y crecen a trav\u00e9s de una educaci\u00f3n con ra\u00edces culturales.<\/li>\n\n\n\n<li>Los j\u00f3venes desarrollan confianza, identidad y liderazgo mediante la mentor\u00eda y las artes.<\/li>\n\n\n\n<li>Las familias tienen acceso a orientaci\u00f3n en salud, asistencia legal y recursos de emergencia.<\/li>\n\n\n\n<li>Los ancianos se re\u00fanen para compartir historias y tradiciones.<\/li>\n\n\n\n<li>La programaci\u00f3n en lenguas ind\u00edgenas y en espa\u00f1ol conecta a oyentes de todo Oreg\u00f3n.<\/li>\n\n\n\n<li>Las organizaciones comunitarias y sus socios cuentan con un centro integrado para la prestaci\u00f3n de servicios interculturales e intergeneracionales.<\/li>\n<\/ul>\n\n\n\n<div class=\"wp-block-buttons is-layout-flex wp-block-buttons-is-layout-flex\">\n<div class=\"wp-block-button\"><a class=\"wp-block-button__link wp-element-button\" href=\"https:\/\/manoamanofc.org\/aboutus\/our-programs\/\" target=\"_blank\" rel=\"noreferrer noopener\">Mano a Mano&#8217;s services<\/a><\/div>\n<\/div>\n<\/div>\n<\/div>\n<\/div>\n\n\n\n<div class=\"wp-block-group alignfull has-base-background-color has-background has-global-padding is-layout-constrained wp-container-core-group-is-layout-6 wp-block-group-is-layout-constrained\" style=\"margin-top:0;margin-bottom:0;padding-top:var(--wp--preset--spacing--50);padding-right:var(--wp--preset--spacing--50);padding-bottom:var(--wp--preset--spacing--50);padding-left:var(--wp--preset--spacing--50)\">\n<div class=\"wp-block-columns alignwide is-layout-flex wp-container-core-columns-is-layout-6 wp-block-columns-is-layout-flex\">\n<div class=\"wp-block-column has-global-padding is-content-justification-left is-layout-constrained wp-container-core-column-is-layout-8 wp-block-column-is-layout-constrained\" style=\"flex-basis:40%\">\n<p>Ay\u00fadanos a crear un espacio seguro donde las personas puedan conectarse entre s\u00ed, aprender, crecer y donde Mano a Mano pueda echar ra\u00edces permanentes en el noreste de Salem.<\/p>\n\n\n\t\t<style>\t\t.ultimeter-6500 .primary-color { color: #dd3333; background-color: #dd3333; border-color: #dd3333; }\r\n\t\t.ultimeter-6500 .secondary-color { color: #eee; background-color: #eee; border-color: #eee; }\r\n\t\t.ultimeter-6500 .current-label { color: #dd3333; border-color: #dd3333; }\r\n\t\t.ultimeter-6500 .total-label { color: #000000; border-color: #000000; }\r\n\t\t.ultimeter-6500 { justify-self: center; }\r\n\t\t<\/style>\r\n\t\t<div id=\"post-6500\"\r\n\t\t\t class=\"ultimeter-6500 ultimeter-container sp-none ultimeter_align_center medium thermometer\"\r\n\t\t\t data-current=\"1179500\"\r\n\t\t\t data-progress=\"78.633333333333\"\r\n\t\t\t data-meter-id=\"6500\"\r\n\t\t\t data-meter=\"{&quot;id&quot;:6500,&quot;name&quot;:&quot;NE Salem Community Hub&quot;,&quot;type&quot;:&quot;thermometer&quot;,&quot;format&quot;:&quot;amount&quot;,&quot;language&quot;:&quot;en&quot;,&quot;currency&quot;:&quot;USD&quot;,&quot;output_type&quot;:&quot;ultimeter_currency&quot;,&quot;physics&quot;:&quot;height&quot;,&quot;current&quot;:1179500,&quot;total&quot;:1500000,&quot;progress&quot;:78.6333333333333399650655337609350681304931640625,&quot;styles&quot;:{&quot;primary_color&quot;:&quot;#dd3333&quot;,&quot;secondary_color&quot;:&quot;&quot;,&quot;current_label&quot;:&quot;#dd3333&quot;,&quot;total_label&quot;:&quot;#000000&quot;,&quot;size&quot;:&quot;medium&quot;,&quot;alignment&quot;:&quot;center&quot;},&quot;debug&quot;:null}\">\r\n\t\t\t\t\t<div class=\"ultimeter thermometer\">\r\n\t\t\t<div class=\"ultimeter_meter ultimeter_thermometer medium\">\r\n\t<div class=\"ultimeter_thermometer_tube_topper secondary-color\"><\/div>\r\n\t<div class=\"ultimeter_thermometer_tube secondary-color\">\r\n\t\t<div class=\"ultimeter_thermometer_tube_scale\"><\/div>\r\n\t\t<div class=\"ultimeter_meter_goal ultimeter_thermometer_goal\">\r\n\t\t\t<div class=\"ultimeter_meter_amount total-label ultimeter_thermometer_amount ultimeter_currency\">\r\n\t\t\t\t\t\t\t\t<span class=\"calculated\">1500000<\/span>\r\n\t\t\t\t\t\t\t<\/div>\r\n\t<\/div>\r\n\t\t<div class=\"ultimeter_meter_progress ultimeter_thermometer_progress primary-color\">\r\n\t\t<div class=\"ultimeter_meter_amount current-label ultimeter_thermometer_amount ultimeter_currency\">\r\n\t\t\t\t\t\t<span class=\"calculated\">1179500<\/span>\r\n\t\t\t\t\t<\/div>\r\n\t<\/div>\r\n\t<\/div>\r\n\t<div class=\"ultimeter_thermometer_bulb secondary-color\">\r\n\t\t<div class=\"ultimeter_thermometer_bulb_mercury primary-color\"\r\n\t\t\tstyle=\"background: radial-gradient(circle at bottom right, #ffffff 0%, #dd3333 75%, #dd3333 100%);\"><\/div>\r\n\t\t<div class=\"ultimeter_thermometer_glue primary-color\"><\/div>\r\n\t<\/div>\r\n<\/div>\r\n\t\t<\/div>\r\n\t\t<\/div>\r\n\r\n\t\t\n\n\n\n<form action=\"https:\/\/www.paypal.com\/donate\" method=\"post\" target=\"_top\">\n<input type=\"hidden\" name=\"hosted_button_id\" value=\"9ZTGPEHFXNPHC\" \/>\n<input type=\"image\" src=\"https:\/\/www.paypalobjects.com\/en_US\/i\/btn\/btn_donateCC_LG.gif\" border=\"0\" name=\"submit\" title=\"PayPal - The safer, easier way to pay online!\" alt=\"Donate with PayPal button\" \/>\n<img loading=\"lazy\" decoding=\"async\" alt=\"\" border=\"0\" src=\"https:\/\/www.paypal.com\/en_US\/i\/scr\/pixel.gif\" width=\"1\" height=\"1\" \/>\n<\/form>\n<\/div>\n\n\n\n<div class=\"wp-block-column is-layout-flow wp-container-core-column-is-layout-11 wp-block-column-is-layout-flow\" style=\"flex-basis:60%\">\n<p class=\"has-heading-font-family has-x-large-font-size\" style=\"line-height:1.2\">Una oportunidad para establecer nuestro futuro.<\/p>\n\n\n\n<div class=\"wp-block-columns is-layout-flex wp-container-core-columns-is-layout-5 wp-block-columns-is-layout-flex\">\n<div class=\"wp-block-column is-layout-flow wp-block-column-is-layout-flow\">\n<p class=\"wp-container-content-2\">Estas instalaciones de m\u00e1s de 20.000 pies cuadrados ofrecen:<\/p>\n\n\n\n<ul class=\"wp-block-list\">\n<li>Un santuario y ala de aulas de 725 m\u00b2, que incluye 8 aulas, capilla, s\u00f3tano y recepci\u00f3n.<\/li>\n\n\n\n<li>Un gimnasio de 446 m\u00b2 con cocina industrial y salas de uso comunitario.<\/li>\n\n\n\n<li>Un ala de oficinas de 149 m\u00b2 con biblioteca, cocina compartida y espacios administrativos.<\/li>\n\n\n\n<li>El Centro Vecinal La Casita (93 m\u00b2), operado en colaboraci\u00f3n con Mano a Mano desde 2009.<\/li>\n\n\n\n<li>Amplio estacionamiento y un patio comunitario compartido.<\/li>\n<\/ul>\n\n\n\n<p class=\"wp-container-content-3\"><\/p>\n\n\n\n<p class=\"wp-container-content-4\"><\/p>\n<\/div>\n\n\n\n<div class=\"wp-block-column is-layout-flow wp-block-column-is-layout-flow\">\n<p><strong>Meta inicial: $1.5 millones<\/strong><\/p>\n\n\n\n<p>Nuestra campa\u00f1a recibi\u00f3 un gran impulso gracias a una generosa donaci\u00f3n en especie valorada en aproximadamente $1.35 millones. Buscamos recaudar $1.5 millones en 2026 para la adquisici\u00f3n del inmueble y la mudanza, mediante contribuciones de donantes, subvenciones p\u00fablicas y privadas, y alianzas con la comunidad.<\/p>\n\n\n\n<p><strong>C\u00f3mo puedes ayudar<\/strong><\/p>\n\n\n\n<ul class=\"wp-block-list\">\n<li><strong>$100,000 o m\u00e1s<\/strong> |  Legado de Liderazgo<\/li>\n\n\n\n<li><strong>$20,000 o m\u00e1s<\/strong> | Colaborador Patrocinador<\/li>\n\n\n\n<li><strong>$4,000 o m\u00e1s<\/strong> | Campe\u00f3n Vecinal<\/li>\n\n\n\n<li><strong>$500<\/strong> <strong>o m\u00e1s <\/strong>| C\u00edrculo Familiar<\/li>\n\n\n\n<li><strong>Dona lo que puedas:<\/strong> cada d\u00f3lar es un paso m\u00e1s para asegurar espacios de reuni\u00f3n y recursos m\u00e1s seguros para miles de familias cada a\u00f1o.<\/li>\n<\/ul>\n<\/div>\n<\/div>\n<\/div>\n<\/div>\n<\/div>\n\n\n\n<div class=\"wp-block-group alignfull has-global-padding is-layout-constrained wp-container-core-group-is-layout-9 wp-block-group-is-layout-constrained\" style=\"margin-top:0;margin-bottom:0;padding-top:var(--wp--preset--spacing--50);padding-right:var(--wp--preset--spacing--50);padding-bottom:var(--wp--preset--spacing--50);padding-left:var(--wp--preset--spacing--50)\">\n<div class=\"wp-block-group is-vertical is-content-justification-center is-layout-flex wp-container-core-group-is-layout-7 wp-block-group-is-layout-flex\">\n<h2 class=\"wp-block-heading has-text-align-center has-xx-large-font-size\" id=\"Ready?\">\u00bfQuieres donar u obtener m\u00e1s informaci\u00f3n?<\/h2>\n\n\n\n<p class=\"has-text-align-center\">Comun\u00edquese con Levi Herrera-Lopez (levi@manoamanofc.org) para ayudarnos a alcanzar nuestra meta de campa\u00f1a como parte de nuestro comit\u00e9.<\/p>\n\n\n\n<p>Agradecemos las donaciones grupales y los patrocinios. Juntos, podemos honrar el legado de Holy Cross, fortalecer nuestras ra\u00edces en el noreste de Salem y celebrar 40 a\u00f1os de Mano a Mano con un futuro construido por y para la comunidad.<\/p>\n\n\n\n<p>Preferimos donaciones mediante cheques (vea la informaci\u00f3n a continuaci\u00f3n) o depositando directamente en nuestra cuenta de campa\u00f1a (cont\u00e1ctenos). Las donaciones individuales menores de $500 se pueden realizar en l\u00ednea (haciendo clic en el bot\u00f3n a continuaci\u00f3n) o por Venmo. Aqu\u00ed se agregar\u00e1n otras formas de contribuir a nuestra campa\u00f1a conforme est\u00e9n disponibles, as\u00ed como cualquier otra manera de apoyarla.<\/p>\n\n\n\n<p><strong>Donaciones a nombre de:<\/strong> Mano a Mano Family Center<\/p>\n\n\n\n<p><strong>Para:<\/strong> &#8220;Centro Comunitario del Noreste de Salem&#8221;<\/p>\n\n\n\n<p><strong>Enviar cheques a:<\/strong><\/p>\n\n\n\n<details class=\"wp-block-details is-layout-flow wp-block-details-is-layout-flow\"><summary>Mano a Mano Family Center<br>2921 Saddle Club ST SE #1009,<br>Salem, OR 97317<\/summary>\n<p><\/p>\n<\/details>\n\n\n\n<form action=\"https:\/\/www.paypal.com\/donate\" method=\"post\" target=\"_top\">\n<input type=\"hidden\" name=\"hosted_button_id\" value=\"9ZTGPEHFXNPHC\" \/>\n<input type=\"image\" src=\"https:\/\/www.paypalobjects.com\/en_US\/i\/btn\/btn_donateCC_LG.gif\" border=\"0\" name=\"submit\" title=\"PayPal - The safer, easier way to pay online!\" alt=\"Donate with PayPal button\" \/>\n<img loading=\"lazy\" decoding=\"async\" alt=\"\" border=\"0\" src=\"https:\/\/www.paypal.com\/en_US\/i\/scr\/pixel.gif\" width=\"1\" height=\"1\" \/>\n<\/form>\n<\/div>\n\n\n\n<div style=\"height:var(--wp--preset--spacing--30)\" aria-hidden=\"true\" class=\"wp-block-spacer\"><\/div>\n\n\n\n<div class=\"wp-block-group is-nowrap is-layout-flex wp-container-core-group-is-layout-8 wp-block-group-is-layout-flex\">\n<figure class=\"wp-block-image size-medium\"><a href=\"https:\/\/manoamanofc.org\/aboutus\/wp-content\/uploads\/2025\/11\/Logo-Maps-Community-Foundation-2c-383.png\"><img loading=\"lazy\" decoding=\"async\" width=\"300\" height=\"137\" src=\"https:\/\/manoamanofc.org\/aboutus\/wp-content\/uploads\/2025\/11\/Logo-Maps-Community-Foundation-2c-383-300x137.png\" alt=\"text logo of maps community foundation\" class=\"wp-image-6619\" srcset=\"https:\/\/manoamanofc.org\/aboutus\/wp-content\/uploads\/2025\/11\/Logo-Maps-Community-Foundation-2c-383-300x137.png 300w, https:\/\/manoamanofc.org\/aboutus\/wp-content\/uploads\/2025\/11\/Logo-Maps-Community-Foundation-2c-383.png 600w\" sizes=\"(max-width: 300px) 100vw, 300px\" \/><\/a><\/figure>\n<\/div>\n<\/div>\n\n\n\n<div id=\"rise-blocks-section-block-instance-0-46d3b62c-2d93-478e-beb3-7b39c8c4a775\" class=\"wp-block-rise-blocks-section\"><div class=\"rise-blocks-boxed rise-blocks-section-wrapper\"><div class=\"rise-blocks-section-overlay\"><\/div><div class=\"rise-blocks-section-inner\"><\/div><\/div><\/div>\n\n\n\n<div class=\"wp-block-group alignfull has-global-padding is-layout-constrained wp-container-core-group-is-layout-10 wp-block-group-is-layout-constrained\" style=\"margin-top:0;margin-bottom:0;padding-top:var(--wp--preset--spacing--50);padding-right:var(--wp--preset--spacing--50);padding-bottom:var(--wp--preset--spacing--50);padding-left:var(--wp--preset--spacing--50)\">\n<div class=\"wp-block-columns alignwide are-vertically-aligned-center is-layout-flex wp-container-core-columns-is-layout-8 wp-block-columns-is-layout-flex\">\n<div class=\"wp-block-column is-vertically-aligned-center is-layout-flow wp-block-column-is-layout-flow\" style=\"flex-basis:50%\">\n<h2 class=\"wp-block-heading\">As a member of Como miembro de la Alianza Poder, este sitio se unir\u00e1 a una lista creciente de otros recursos disponibles para los oregonianos.<\/h2>\n\n\n\n<p class=\"is-style-checkmark-list\">Fundada en 2003, Alianza Poder (AP) es una red colaborativa de diez organizaciones que trabajan para fortalecer el poder pol\u00edtico, cultural y econ\u00f3mico de las comunidades latinas, ind\u00edgenas y afrodescendientes en Oreg\u00f3n.<\/p>\n\n\n\n<div class=\"wp-block-columns is-layout-flex wp-container-core-columns-is-layout-7 wp-block-columns-is-layout-flex\">\n<div class=\"wp-block-column is-layout-flow wp-block-column-is-layout-flow\" style=\"flex-basis:33.33%\">\n<div class=\"wp-block-buttons is-layout-flex wp-block-buttons-is-layout-flex\">\n<div class=\"wp-block-button\"><a class=\"wp-block-button__link wp-element-button\" href=\"https:\/\/capacesleadership.org\/alianzapoder\/\">Alianza Poder<\/a><\/div>\n<\/div>\n<\/div>\n\n\n\n<div class=\"wp-block-column is-layout-flow wp-block-column-is-layout-flow\" style=\"flex-basis:66.66%\">\n<figure class=\"wp-block-image size-large\"><a href=\"https:\/\/manoamanofc.org\/aboutus\/wp-content\/uploads\/2024\/05\/ap-logo-scaled.jpg\"><img loading=\"lazy\" decoding=\"async\" width=\"1024\" height=\"189\" src=\"https:\/\/manoamanofc.org\/aboutus\/wp-content\/uploads\/2024\/05\/ap-logo-1024x189.jpg\" alt=\"\" class=\"wp-image-6318\" srcset=\"https:\/\/manoamanofc.org\/aboutus\/wp-content\/uploads\/2024\/05\/ap-logo-1024x189.jpg 1024w, https:\/\/manoamanofc.org\/aboutus\/wp-content\/uploads\/2024\/05\/ap-logo-300x55.jpg 300w, https:\/\/manoamanofc.org\/aboutus\/wp-content\/uploads\/2024\/05\/ap-logo-768x141.jpg 768w, https:\/\/manoamanofc.org\/aboutus\/wp-content\/uploads\/2024\/05\/ap-logo-1536x283.jpg 1536w, https:\/\/manoamanofc.org\/aboutus\/wp-content\/uploads\/2024\/05\/ap-logo-2048x377.jpg 2048w\" sizes=\"(max-width: 1024px) 100vw, 1024px\" \/><\/a><\/figure>\n<\/div>\n<\/div>\n<\/div>\n\n\n\n<div class=\"wp-block-column is-vertically-aligned-center is-layout-flow wp-block-column-is-layout-flow\" style=\"flex-basis:50%\">\n<figure class=\"wp-block-image size-full is-resized is-style-rounded is-style-rounded--b3ad695d4d2d568d12fdaca6379463dc\"><img loading=\"lazy\" decoding=\"async\" width=\"667\" height=\"667\" src=\"https:\/\/manoamanofc.org\/aboutus\/wp-content\/uploads\/2025\/07\/Alianza-Poder-coverage-1-edited.png\" alt=\"\" class=\"wp-image-6586\" style=\"aspect-ratio:9\/16;object-fit:contain;width:417px;height:auto\" srcset=\"https:\/\/manoamanofc.org\/aboutus\/wp-content\/uploads\/2025\/07\/Alianza-Poder-coverage-1-edited.png 667w, https:\/\/manoamanofc.org\/aboutus\/wp-content\/uploads\/2025\/07\/Alianza-Poder-coverage-1-edited-300x300.png 300w, https:\/\/manoamanofc.org\/aboutus\/wp-content\/uploads\/2025\/07\/Alianza-Poder-coverage-1-edited-150x150.png 150w\" sizes=\"(max-width: 667px) 100vw, 667px\" \/><\/figure>\n<\/div>\n<\/div>\n<\/div>\n\n\n\n<div class=\"wp-block-group alignfull has-base-color has-contrast-background-color has-text-color has-background has-link-color wp-elements-9406ecebe921b77181f442d6faf029f3 has-global-padding is-layout-constrained wp-container-core-group-is-layout-12 wp-block-group-is-layout-constrained\" style=\"margin-top:0;margin-bottom:0;padding-top:var(--wp--preset--spacing--50);padding-right:var(--wp--preset--spacing--50);padding-bottom:var(--wp--preset--spacing--50);padding-left:var(--wp--preset--spacing--50)\">\n<h1 class=\"wp-block-heading alignwide has-base-color has-text-color has-link-color wp-elements-a4912cec1f99e1dbaedacd09f89bf284\" style=\"font-size:clamp(2.288rem, 2.288rem + ((1vw - 0.2rem) * 3.187), 4.2rem);letter-spacing:-0.02em\">Preguntas frecuentes<\/h1>\n\n\n\n<div class=\"wp-block-group alignwide is-layout-flow wp-block-group-is-layout-flow\">\n<hr class=\"wp-block-separator has-text-color has-base-color has-alpha-channel-opacity has-base-background-color has-background is-style-wide\"\/>\n\n\n\n<details class=\"wp-block-details is-style-arrow-icon-details has-medium-font-size is-layout-flow wp-block-details-is-layout-flow\" style=\"border-top-style:none;border-top-width:0px;border-right-style:none;border-right-width:0px;border-bottom-color:var(--wp--preset--color--base);border-bottom-style:solid;border-bottom-width:1px;border-left-style:none;border-left-width:0px;margin-top:0\"><summary>\u00bfQu\u00e9 resultados esperas lograr?<\/summary>\n<p class=\"has-contrast-1-color has-text-color has-link-color wp-elements-05ac397d54d9b8f0b5cc4eaf727e3e94\">Esperamos poder (1) establecer un espacio de reuni\u00f3n seguro para la comunidad en NE Salem; (2) mejorar el acceso al sistema de atenci\u00f3n m\u00e9dica y a otros sistemas de apoyo para las personas necesitadas (tales como la salud general y la salud mental, el uso de sustancias, la inseguridad alimentaria, la inseguridad de vivienda, etc.); (3) mejorar las conexiones de  adolescentes\/j\u00f3venes entre s\u00ed y con los adultos.<\/p>\n<\/details>\n\n\n\n<details class=\"wp-block-details is-style-arrow-icon-details has-medium-font-size is-layout-flow wp-block-details-is-layout-flow\" style=\"border-top-style:none;border-top-width:0px;border-right-style:none;border-right-width:0px;border-bottom-color:var(--wp--preset--color--base);border-bottom-style:solid;border-bottom-width:1px;border-left-style:none;border-left-width:0px;margin-top:0\"><summary>\u00bfPor qu\u00e9 es necesario esto? \u00bfNo hay otros centros comunitarios en el noreste de Salem?<\/summary>\n<p class=\"has-contrast-1-color has-text-color has-link-color wp-elements-48cdb88625305755d3e121f3a606cc93\">El noreste de Salem es una de las zonas m\u00e1s diversas culturalmente y, a la vez, m\u00e1s vulnerables de Salem-Keizer. Por ejemplo, las escuelas primarias, secundarias y preparatorias del vecindario tienen una poblaci\u00f3n estudiantil latina del 72% o m\u00e1s. Sin embargo, esta es tambi\u00e9n una zona donde se ha producido aproximadamente el 65% de los tiroteos con armas de fuego en nuestra \u00e1rea. Adem\u00e1s, no existen espacios no comerciales dirigidos y coordinados por miembros de la comunidad local. El Centro Comunitario del Noreste de Salem de Mano a Mano ser\u00e1 propiedad de la organizaci\u00f3n comunitaria latina e inmigrante m\u00e1s antigua de Salem-Keizer, quien tambi\u00e9n lo dise\u00f1ar\u00e1 e implementar\u00e1, y ser\u00e1 creado por personas que consideran este vecindario y los alrededores su hogar.<\/p>\n<\/details>\n\n\n\n<details class=\"wp-block-details is-style-arrow-icon-details has-medium-font-size is-layout-flow wp-block-details-is-layout-flow\" style=\"border-top-style:none;border-top-width:0px;border-right-style:none;border-right-width:0px;border-bottom-color:var(--wp--preset--color--base);border-bottom-style:solid;border-bottom-width:1px;border-left-style:none;border-left-width:0px;margin-top:0\"><summary>\u00bfQui\u00e9n m\u00e1s apoya ya esta iniciativa?<\/summary>\n<p class=\"has-contrast-1-color has-text-color has-link-color wp-elements-b7edd5495bbcb32a003bf630c39d7a11\">La congregaci\u00f3n de la Santa Cruz ha ofrecido generosamente este terreno comunitario a Mano a Mano con una contribuci\u00f3n en especie valorada en 1,35 millones de d\u00f3lares. La Fundaci\u00f3n Comunitaria Maps nos ha otorgado generosamente una donaci\u00f3n de 50,000, al igual que el Concilio de Salud de Willamette con su donaci\u00f3n de 100,000 d\u00f3lares para apoyar esta campa\u00f1a. Una red de simpatizantes, tanto particulares como organizaciones sin \u00e1nimo de lucro (que por ahora permanecen en el anonimato), se ha comprometido a aportar 115.000 d\u00f3lares para impulsar este proyecto.<\/p>\n<\/details>\n\n\n\n<details class=\"wp-block-details is-style-arrow-icon-details has-medium-font-size is-layout-flow wp-block-details-is-layout-flow\" style=\"border-top-style:none;border-top-width:0px;border-right-style:none;border-right-width:0px;border-bottom-color:var(--wp--preset--color--base);border-bottom-style:solid;border-bottom-width:1px;border-left-style:none;border-left-width:0px;margin-top:0\"><summary>\u00bfQu\u00e9 podr\u00eda estar disponible en este sitio?<\/summary>\n<p class=\"has-contrast-1-color has-text-color has-link-color wp-elements-0643b8c2b2ab1df37f7563f03cb04ce9\">El Centro Comunitario del Noreste de Salem albergar\u00e1 programas dise\u00f1ados, dirigidos e implementados por residentes del noreste de Salem. Los socios ubicados en este sitio, junto con los programas que utilizar\u00e1n el espacio, ayudar\u00e1n a fomentar y desarrollar conexiones sociales positivas, educaci\u00f3n para padres, apoyo acad\u00e9mico para ni\u00f1os y adolescentes, acceso a recursos, actividades extraescolares, educaci\u00f3n y promoci\u00f3n cultural, y oportunidades de participaci\u00f3n comunitaria.<\/p>\n<\/details>\n\n\n\n<details class=\"wp-block-details is-style-arrow-icon-details has-medium-font-size is-layout-flow wp-block-details-is-layout-flow\" style=\"border-top-style:none;border-top-width:0px;border-right-style:none;border-right-width:0px;border-bottom-color:var(--wp--preset--color--base);border-bottom-style:solid;border-bottom-width:1px;border-left-style:none;border-left-width:0px;margin-top:0\"><summary>\u00bfA qu\u00e9 actividades o servicios espec\u00edficos podr\u00e1n acceder las personas?<\/summary>\n<p class=\"has-contrast-1-color has-text-color has-link-color wp-elements-142e06b2dfe45e1417d88d6c36055e55\">El Centro Comunitario del Noreste de Salem ofrecer\u00e1 cafecitos (grupos de apoyo) para j\u00f3venes y adultos. El programa educativo y familiar Casa Infantil de Mano a Mano tambi\u00e9n se impartir\u00e1 aqu\u00ed, junto con otras clases de crianza y educaci\u00f3n familiar. Se distribuir\u00e1n alimentos mediante despensas. Promotores de salud tradicionales brindar\u00e1n orientaci\u00f3n en salud y acceso a recursos para atender necesidades urgentes y fortalecer a las familias; se ofrecer\u00e1n mentor\u00eda, gesti\u00f3n de casos, desarrollo de liderazgo y otros apoyos. Adem\u00e1s, habr\u00e1 cl\u00ednicas de salud, celebraciones vecinales y actividades familiares.<\/p>\n<\/details>\n\n\n\n<details class=\"wp-block-details is-style-arrow-icon-details has-medium-font-size is-layout-flow wp-block-details-is-layout-flow\" style=\"border-top-style:none;border-top-width:0px;border-right-style:none;border-right-width:0px;border-bottom-color:var(--wp--preset--color--base);border-bottom-style:solid;border-bottom-width:1px;border-left-style:none;border-left-width:0px;margin-top:0\"><summary>\u00bfSer\u00e1 accesible este sitio? this site be accesible?<\/summary>\n<p class=\"has-contrast-1-color has-text-color has-link-color wp-elements-c9ac6535827f1d5a51360f35990c022c\">\u00a1S\u00ed! Este sitio est\u00e1 bien comunicado con varias l\u00edneas de transporte p\u00fablico. Es f\u00e1cilmente accesible en veh\u00edculo, con amplio estacionamiento. Se encuentra en medio de una zona residencial extensa, lo que permite acceder a pie, aunque se necesitan m\u00e1s aceras y alumbrado p\u00fablico en la zona. Tambi\u00e9n est\u00e1 cerca de importantes v\u00edas de comunicaci\u00f3n, como Lancaster Dr., Silverton Rd. y Market Street, y tiene f\u00e1cil acceso a la I-5.<\/p>\n<\/details>\n\n\n\n<details class=\"wp-block-details is-style-arrow-icon-details has-medium-font-size is-layout-flow wp-block-details-is-layout-flow\" style=\"border-top-style:none;border-top-width:0px;border-right-style:none;border-right-width:0px;border-bottom-color:var(--wp--preset--color--base);border-bottom-style:solid;border-bottom-width:1px;border-left-style:none;border-left-width:0px;margin-top:0\"><summary>\u00bfEsto beneficiar\u00e1 solo a los latinos o a las personas pobres?<\/summary>\n<p class=\"has-contrast-1-color has-text-color has-link-color wp-elements-727c0d135d6ce3e102799f68c78b8bbf\">\u00a1Por supuesto que no! Todas las actividades y programas que se ofrecen en este sitio estar\u00e1n disponibles para cualquier persona en Salem-Keizer. Quienes se beneficiar\u00e1n m\u00e1s directamente viven en Lansing y otros barrios aleda\u00f1os del noreste de Salem. Dada la demograf\u00eda de la zona, esperamos que la mayor\u00eda de los participantes sean personas diversas, principalmente latinas y de otras etnias, muchas de ellas de ingresos bajos a moderados. Todos los socios potenciales se asegurar\u00e1n de que sus programas beneficien e involucren a personas representativas del este de Salem.<\/p>\n<\/details>\n\n\n\n<details class=\"wp-block-details is-style-arrow-icon-details has-medium-font-size is-layout-flow wp-block-details-is-layout-flow\" style=\"border-top-style:none;border-top-width:0px;border-right-style:none;border-right-width:0px;border-bottom-color:var(--wp--preset--color--base);border-bottom-style:solid;border-bottom-width:1px;border-left-style:none;border-left-width:0px;margin-top:0\"><summary>\u00bfQui\u00e9n es Mano a Mano?<\/summary>\n<p class=\"has-contrast-1-color has-text-color has-link-color wp-elements-f7dc17d6ea8875a12fc1372dcf4090f5\">Fundado en 1988, el Centro Familiar Mano a Mano es la organizaci\u00f3n comunitaria m\u00e1s antigua de Salem y Keizer dirigida por personas latinas e inmigrantes. Con sede en el Valle del Mid-Willamette, en Salem, apoyamos a m\u00e1s de 4,800 familias cada a\u00f1o a trav\u00e9s de programas multiling\u00fces y culturalmente espec\u00edficos, que incluyen educaci\u00f3n infantil temprana, liderazgo juvenil, bienestar familiar, orientaci\u00f3n en salud, empoderamiento econ\u00f3mico y medios de comunicaci\u00f3n comunitarios a trav\u00e9s de Radio Poder. Durante casi cuatro d\u00e9cadas, hemos sido un vecino de confianza, un v\u00ednculo y un apoyo fundamental para las familias inmigrantes y trabajadoras de Oreg\u00f3n.<\/p>\n\n\n\n<p class=\"has-contrast-1-color has-text-color has-link-color wp-elements-8a6244d0256af1d148be9c6f8727b5fe\"><\/p>\n<\/details>\n\n\n\n<div style=\"margin-top:var(--wp--preset--spacing--10);margin-bottom:0;height:var(--wp--preset--spacing--10)\" aria-hidden=\"true\" class=\"wp-block-spacer\"><\/div>\n<\/div>\n<\/div>\n","protected":false},"excerpt":{"rendered":"<p>Una oportunidad para establecer nuestro futuro: \u00a1la propiedad de la Iglesia Luterana de la Santa Cruz en el barrio de Lansing, en el noreste de Salem, se convertir\u00e1 en el Centro Comunitario de Mano a Mano en el Noreste de Salem! A la vez que se acerca nuestro aniversario 40, el Centro Comunitario del Noreste [&hellip;]<\/p>\n","protected":false},"author":1,"featured_media":0,"parent":0,"menu_order":0,"comment_status":"closed","ping_status":"closed","template":"","meta":{"footnotes":""},"class_list":["post-6624","page","type-page","status-publish","hentry"],"rise-blocks_excerpt":"Una oportunidad para establecer nuestro futuro: \u00a1la propiedad de la Iglesia Luterana de la Santa Cruz en el barrio de Lansing, en el noreste de Salem, se convertir\u00e1 en el Centro Comunitario de Mano a Mano en el Noreste de Salem! A la vez que se acerca nuestro aniversario 40, el Centro Comunitario del Noreste de Salem, liderado por Mano..","_links":{"self":[{"href":"https:\/\/manoamanofc.org\/aboutus\/wp-json\/wp\/v2\/pages\/6624"}],"collection":[{"href":"https:\/\/manoamanofc.org\/aboutus\/wp-json\/wp\/v2\/pages"}],"about":[{"href":"https:\/\/manoamanofc.org\/aboutus\/wp-json\/wp\/v2\/types\/page"}],"author":[{"embeddable":true,"href":"https:\/\/manoamanofc.org\/aboutus\/wp-json\/wp\/v2\/users\/1"}],"replies":[{"embeddable":true,"href":"https:\/\/manoamanofc.org\/aboutus\/wp-json\/wp\/v2\/comments?post=6624"}],"version-history":[{"count":32,"href":"https:\/\/manoamanofc.org\/aboutus\/wp-json\/wp\/v2\/pages\/6624\/revisions"}],"predecessor-version":[{"id":6659,"href":"https:\/\/manoamanofc.org\/aboutus\/wp-json\/wp\/v2\/pages\/6624\/revisions\/6659"}],"wp:attachment":[{"href":"https:\/\/manoamanofc.org\/aboutus\/wp-json\/wp\/v2\/media?parent=6624"}],"curies":[{"name":"wp","href":"https:\/\/api.w.org\/{rel}","templated":true}]}}